{"id":641,"date":"2020-05-23T16:08:11","date_gmt":"2020-05-23T16:08:11","guid":{"rendered":"http:\/\/lsfarquitectura.com\/?page_id=641"},"modified":"2020-06-27T22:12:55","modified_gmt":"2020-06-27T22:12:55","slug":"palacio-de-meras","status":"publish","type":"page","link":"https:\/\/lsfarquitectura.com\/index.php\/palacio-de-meras\/","title":{"rendered":"Palacio de Mer\u00e1s"},"content":{"rendered":"\t\t<div data-elementor-type=\"wp-page\" data-elementor-id=\"641\" class=\"elementor elementor-641\" data-elementor-settings=\"[]\">\n\t\t\t\t\t\t<div class=\"elementor-inner\">\n\t\t\t\t\t\t\t<div class=\"elementor-section-wrap\">\n\t\t\t\t\t\t\t<section class=\"elementor-section elementor-top-section elementor-element elementor-element-ed602bf elementor-section-boxed elementor-section-height-default elementor-section-height-default\" data-id=\"ed602bf\" data-element_type=\"section\">\n\t\t\t\t\t\t<div class=\"elementor-container elementor-column-gap-default\">\n\t\t\t\t\t\t\t<div class=\"elementor-row\">\n\t\t\t\t\t<div class=\"elementor-column elementor-col-100 elementor-top-column elementor-element elementor-element-94b9dde\" data-id=\"94b9dde\" data-element_type=\"column\">\n\t\t\t<div class=\"elementor-column-wrap elementor-element-populated\">\n\t\t\t\t\t\t\t<div class=\"elementor-widget-wrap\">\n\t\t\t\t\t\t<div class=\"elementor-element elementor-element-1df980c elementor-widget elementor-widget-spacer\" data-id=\"1df980c\" data-element_type=\"widget\" data-widget_type=\"spacer.default\">\n\t\t\t\t<div class=\"elementor-widget-container\">\n\t\t\t\t\t<div class=\"elementor-spacer\">\n\t\t\t<div class=\"elementor-spacer-inner\"><\/div>\n\t\t<\/div>\n\t\t\t\t<\/div>\n\t\t\t\t<\/div>\n\t\t\t\t\t\t<\/div>\n\t\t\t\t\t<\/div>\n\t\t<\/div>\n\t\t\t\t\t\t\t\t<\/div>\n\t\t\t\t\t<\/div>\n\t\t<\/section>\n\t\t\t\t<section class=\"elementor-section elementor-top-section elementor-element elementor-element-16d7173 elementor-section-boxed elementor-section-height-default elementor-section-height-default\" data-id=\"16d7173\" data-element_type=\"section\">\n\t\t\t\t\t\t<div class=\"elementor-container elementor-column-gap-default\">\n\t\t\t\t\t\t\t<div class=\"elementor-row\">\n\t\t\t\t\t<div class=\"elementor-column elementor-col-50 elementor-top-column elementor-element elementor-element-ab822d4\" data-id=\"ab822d4\" data-element_type=\"column\">\n\t\t\t<div class=\"elementor-column-wrap elementor-element-populated\">\n\t\t\t\t\t\t\t<div class=\"elementor-widget-wrap\">\n\t\t\t\t\t\t<div class=\"elementor-element elementor-element-20931e8 elementor-arrows-position-inside elementor-pagination-position-outside elementor-widget elementor-widget-image-carousel\" data-id=\"20931e8\" data-element_type=\"widget\" data-settings=\"{&quot;slides_to_show&quot;:&quot;1&quot;,&quot;navigation&quot;:&quot;both&quot;,&quot;autoplay&quot;:&quot;yes&quot;,&quot;pause_on_hover&quot;:&quot;yes&quot;,&quot;pause_on_interaction&quot;:&quot;yes&quot;,&quot;autoplay_speed&quot;:5000,&quot;infinite&quot;:&quot;yes&quot;,&quot;effect&quot;:&quot;slide&quot;,&quot;speed&quot;:500}\" data-widget_type=\"image-carousel.default\">\n\t\t\t\t<div class=\"elementor-widget-container\">\n\t\t\t\t\t<div class=\"elementor-image-carousel-wrapper swiper-container\" dir=\"ltr\">\n\t\t\t<div class=\"elementor-image-carousel swiper-wrapper\">\n\t\t\t\t\t\t\t\t<div class=\"swiper-slide\"><figure class=\"swiper-slide-inner\"><img class=\"swiper-slide-image\" src=\"https:\/\/lsfarquitectura.com\/wp-content\/uploads\/2020\/05\/P1010682-1.jpg\" alt=\"P1010682\" \/><\/figure><\/div><div class=\"swiper-slide\"><figure class=\"swiper-slide-inner\"><img class=\"swiper-slide-image\" src=\"https:\/\/lsfarquitectura.com\/wp-content\/uploads\/2020\/06\/P1010677.jpg\" alt=\"P1010677\" \/><\/figure><\/div><div class=\"swiper-slide\"><figure class=\"swiper-slide-inner\"><img class=\"swiper-slide-image\" src=\"https:\/\/lsfarquitectura.com\/wp-content\/uploads\/2020\/06\/patio.jpg\" alt=\"patio\" \/><\/figure><\/div><div class=\"swiper-slide\"><figure class=\"swiper-slide-inner\"><img class=\"swiper-slide-image\" src=\"https:\/\/lsfarquitectura.com\/wp-content\/uploads\/2020\/05\/palacio-de-meras01-2.jpg\" alt=\"palacio de meras01 (2)\" \/><\/figure><\/div><div class=\"swiper-slide\"><figure class=\"swiper-slide-inner\"><img class=\"swiper-slide-image\" src=\"https:\/\/lsfarquitectura.com\/wp-content\/uploads\/2020\/05\/palacio-de-meras06.jpg\" alt=\"palacio de meras06\" \/><\/figure><\/div><div class=\"swiper-slide\"><figure class=\"swiper-slide-inner\"><img class=\"swiper-slide-image\" src=\"https:\/\/lsfarquitectura.com\/wp-content\/uploads\/2020\/05\/palacio-de-meras14.jpg\" alt=\"palacio de meras14\" \/><\/figure><\/div><div class=\"swiper-slide\"><figure class=\"swiper-slide-inner\"><img class=\"swiper-slide-image\" src=\"https:\/\/lsfarquitectura.com\/wp-content\/uploads\/2020\/05\/palacio-de-meras15.jpg\" alt=\"palacio de meras15\" \/><\/figure><\/div><div class=\"swiper-slide\"><figure class=\"swiper-slide-inner\"><img class=\"swiper-slide-image\" src=\"https:\/\/lsfarquitectura.com\/wp-content\/uploads\/2020\/05\/palacio-de-meras63.jpg\" alt=\"palacio de meras63\" \/><\/figure><\/div><div class=\"swiper-slide\"><figure class=\"swiper-slide-inner\"><img class=\"swiper-slide-image\" src=\"https:\/\/lsfarquitectura.com\/wp-content\/uploads\/2020\/05\/palacio-de-meras64.jpg\" alt=\"palacio de meras64\" \/><\/figure><\/div><div class=\"swiper-slide\"><figure class=\"swiper-slide-inner\"><img class=\"swiper-slide-image\" src=\"https:\/\/lsfarquitectura.com\/wp-content\/uploads\/2020\/05\/palacio-de-meras68.jpg\" alt=\"palacio de meras68\" \/><\/figure><\/div><div class=\"swiper-slide\"><figure class=\"swiper-slide-inner\"><img class=\"swiper-slide-image\" src=\"https:\/\/lsfarquitectura.com\/wp-content\/uploads\/2020\/05\/palacio-de-meras83.jpg\" alt=\"palacio de meras83\" \/><\/figure><\/div><div class=\"swiper-slide\"><figure class=\"swiper-slide-inner\"><img class=\"swiper-slide-image\" src=\"https:\/\/lsfarquitectura.com\/wp-content\/uploads\/2020\/05\/SPA-MERAS.jpg\" alt=\"SPA MERAS\" \/><\/figure><\/div>\t\t\t<\/div>\n\t\t\t\t\t\t\t\t\t\t\t\t<div class=\"swiper-pagination\"><\/div>\n\t\t\t\t\t\t\t\t\t\t\t\t\t<div class=\"elementor-swiper-button elementor-swiper-button-prev\">\n\t\t\t\t\t\t<i aria-hidden=\"true\" class=\"eicon-chevron-left\"><\/i>\t\t\t\t\t\t<span class=\"elementor-screen-only\">Anterior<\/span>\n\t\t\t\t\t<\/div>\n\t\t\t\t\t<div class=\"elementor-swiper-button elementor-swiper-button-next\">\n\t\t\t\t\t\t<i aria-hidden=\"true\" class=\"eicon-chevron-right\"><\/i>\t\t\t\t\t\t<span class=\"elementor-screen-only\">Siguiente<\/span>\n\t\t\t\t\t<\/div>\n\t\t\t\t\t\t\t\t\t<\/div>\n\t\t\t\t<\/div>\n\t\t\t\t<\/div>\n\t\t\t\t\t\t<\/div>\n\t\t\t\t\t<\/div>\n\t\t<\/div>\n\t\t\t\t<div class=\"elementor-column elementor-col-50 elementor-top-column elementor-element elementor-element-ad837e3\" data-id=\"ad837e3\" data-element_type=\"column\">\n\t\t\t<div class=\"elementor-column-wrap elementor-element-populated\">\n\t\t\t\t\t\t\t<div class=\"elementor-widget-wrap\">\n\t\t\t\t\t\t<div class=\"elementor-element elementor-element-34b5634 elementor-widget elementor-widget-text-editor\" data-id=\"34b5634\" data-element_type=\"widget\" data-widget_type=\"text-editor.default\">\n\t\t\t\t<div class=\"elementor-widget-container\">\n\t\t\t\t\t\t\t\t<div class=\"elementor-text-editor elementor-clearfix\">\n\t\t\t\t<p><b>Hotel Palacio de Mer\u00e1s\u00a0 \u00a0 \u00a0 \u00a0<\/b><\/p>\t\t\t\t\t<\/div>\n\t\t\t\t\t\t<\/div>\n\t\t\t\t<\/div>\n\t\t\t\t<div class=\"elementor-element elementor-element-6f72b97 elementor-widget elementor-widget-text-editor\" data-id=\"6f72b97\" data-element_type=\"widget\" data-widget_type=\"text-editor.default\">\n\t\t\t\t<div class=\"elementor-widget-container\">\n\t\t\t\t\t\t\t\t<div class=\"elementor-text-editor elementor-clearfix\">\n\t\t\t\t<p><span style=\"font-size: 12px;\">Rehabilitaci\u00f3n integral y Ampliaci\u00f3n del Palacio de Mer\u00e1s construido en el siglo XVI en 1525&nbsp; en Tineo, Asturias. Proyecto en coautor\u00eda y codirecci\u00f3n.<br><\/span><\/p>\n<p>Edificio catalogado incluido en IPAA, Inventario de Patrimonio Arquitect\u00f3nico de Asturias<\/p>\n<p><br><\/p>\n<p><br><\/p>\n<p><br><\/p>\n<p><br><\/p>\n<p><br><\/p>\n<p><b>&nbsp;<\/b><\/p>\t\t\t\t\t<\/div>\n\t\t\t\t\t\t<\/div>\n\t\t\t\t<\/div>\n\t\t\t\t\t\t<\/div>\n\t\t\t\t\t<\/div>\n\t\t<\/div>\n\t\t\t\t\t\t\t\t<\/div>\n\t\t\t\t\t<\/div>\n\t\t<\/section>\n\t\t\t\t\t\t<\/div>\n\t\t\t\t\t\t<\/div>\n\t\t\t\t\t<\/div>\n\t\t","protected":false},"excerpt":{"rendered":"<p>Anterior Siguiente Hotel Palacio de Mer\u00e1s\u00a0 \u00a0 \u00a0 \u00a0 Rehabilitaci\u00f3n integral y Ampliaci\u00f3n del Palacio de Mer\u00e1s construido en el siglo XVI en 1525&nbsp; en Tineo, Asturias. Proyecto en coautor\u00eda y codirecci\u00f3n. Edificio catalogado incluido en IPAA, Inventario de Patrimonio Arquitect\u00f3nico de Asturias &nbsp;<\/p>\n","protected":false},"author":1,"featured_media":0,"parent":0,"menu_order":0,"comment_status":"closed","ping_status":"closed","template":"","meta":[],"_links":{"self":[{"href":"https:\/\/lsfarquitectura.com\/index.php\/wp-json\/wp\/v2\/pages\/641"}],"collection":[{"href":"https:\/\/lsfarquitectura.com\/index.php\/wp-json\/wp\/v2\/pages"}],"about":[{"href":"https:\/\/lsfarquitectura.com\/index.php\/wp-json\/wp\/v2\/types\/page"}],"author":[{"embeddable":true,"href":"https:\/\/lsfarquitectura.com\/index.php\/wp-json\/wp\/v2\/users\/1"}],"replies":[{"embeddable":true,"href":"https:\/\/lsfarquitectura.com\/index.php\/wp-json\/wp\/v2\/comments?post=641"}],"version-history":[{"count":12,"href":"https:\/\/lsfarquitectura.com\/index.php\/wp-json\/wp\/v2\/pages\/641\/revisions"}],"predecessor-version":[{"id":1672,"href":"https:\/\/lsfarquitectura.com\/index.php\/wp-json\/wp\/v2\/pages\/641\/revisions\/1672"}],"wp:attachment":[{"href":"https:\/\/lsfarquitectura.com\/index.php\/wp-json\/wp\/v2\/media?parent=641"}],"curies":[{"name":"wp","href":"https:\/\/api.w.org\/{rel}","templated":true}]}}